{"id":946,"date":"2014-06-11T17:13:46","date_gmt":"2014-06-11T21:13:46","guid":{"rendered":"https:\/\/iclmg.srv2.cfshosting.ca\/?page_id=946"},"modified":"2025-11-30T23:38:45","modified_gmt":"2025-12-01T04:38:45","slug":"accueil","status":"publish","type":"page","link":"https:\/\/iclmg.ca\/fr\/","title":{"rendered":""},"content":{"rendered":"<div id=\"metaslider-id-2157\" style=\"max-width: 960px; margin: 0 auto;\" class=\"ml-slider-3-94-0 metaslider metaslider-flex metaslider-2157 ml-slider ms-theme-default nav-hidden\" role=\"region\" aria-roledescription=\"Slideshow\" aria-label=\"FR - Front Slider\">\n    <div id=\"metaslider_container_2157\">\n        <div id=\"metaslider_2157\">\n            <ul class='slides'>\n                <li style=\"display: block; width: 100%;\" class=\"slide-11679 ms-image \" aria-roledescription=\"slide\" aria-label=\"slide-11679\"><img loading=\"lazy\" decoding=\"async\" src=\"https:\/\/iclmg.ca\/wp-content\/uploads\/2025\/04\/Canada_Parliament_Buildings_Jonathankslim_Wikimedia_CC_BY_SA-960x500.jpg\" height=\"500\" width=\"960\" alt=\"\" class=\"slider-2157 slide-11679\" title=\"Canada_Parliament_Buildings_Jonathankslim_Wikimedia_CC_BY_SA\" \/><div class=\"caption-wrap\"><div class=\"caption\"><div style=\"text-align:left;\"><a href=\"https:\/\/iclmg.ca\/fr\/montee-autoritariste\/\">Mont\u00e9e autoritariste : le Canada n\u2019y \u00e9chappe pas!<\/a><\/div><\/div><\/div><\/li>\n                <li style=\"display: none; width: 100%;\" class=\"slide-11578 ms-image \" aria-roledescription=\"slide\" aria-label=\"slide-11578\"><img loading=\"lazy\" decoding=\"async\" src=\"https:\/\/iclmg.ca\/wp-content\/uploads\/2026\/03\/communique-logo-front-page-slider-960x500.png\" height=\"500\" width=\"960\" alt=\"\" class=\"slider-2157 slide-11578\" title=\"communique\u0301 logo front page slider\" \/><div class=\"caption-wrap\"><div class=\"caption\"><div><a href=\"https:\/\/iclmg.ca\/fr\/communique-conjoint-c-22\/\">Des groupes et expert\u00b7es d\u00e9noncent l\u2019arr\u00eat par le gouvernement du d\u00e9bat sur C-22, un projet de loi dangereux de surveillance \u00e9tatique<\/a><\/div><\/div><\/div><\/li>\n                <li style=\"display: none; width: 100%;\" class=\"slide-11508 ms-image \" aria-roledescription=\"slide\" aria-label=\"slide-11508\"><a href=\"https:\/\/iclmg.ca\/fr\/lettre-dopinion-c-22\/\" target=\"_self\" class=\"metaslider_image_link\"><img loading=\"lazy\" decoding=\"async\" src=\"https:\/\/iclmg.ca\/wp-content\/uploads\/2026\/05\/1-960x500.png\" height=\"500\" width=\"960\" alt=\"\" class=\"slider-2157 slide-11508\" title=\"1\" \/><\/a><\/li>\n                <li style=\"display: none; width: 100%;\" class=\"slide-11416 ms-image \" aria-roledescription=\"slide\" aria-label=\"slide-11416\"><img loading=\"lazy\" decoding=\"async\" src=\"https:\/\/iclmg.ca\/wp-content\/uploads\/2026\/03\/communique-logo-front-page-slider-960x500.png\" height=\"500\" width=\"960\" alt=\"\" class=\"slider-2157 slide-11416\" title=\"communique\u0301 logo front page slider\" \/><div class=\"caption-wrap\"><div class=\"caption\"><div><a href=\"https:\/\/iclmg.ca\/fr\/adoption-du-projet-de-loi-c-12\/\">L\u2019adoption de C-12 est une atteinte aux droits des personnes r\u00e9fugi\u00e9es et migrantes au Canada<\/a><\/div><\/div><\/div><\/li>\n                <li style=\"display: none; width: 100%;\" class=\"slide-11368 ms-image \" aria-roledescription=\"slide\" aria-label=\"slide-11368\"><img loading=\"lazy\" decoding=\"async\" src=\"https:\/\/iclmg.ca\/wp-content\/uploads\/2026\/02\/44405378084_0c63a36313_o_Mike-MacKenzie_Flickr_CC-BY-960x500.jpg\" height=\"500\" width=\"960\" alt=\"\" class=\"slider-2157 slide-11368\" title=\"Artificial_Intelligence_AI\" \/><div class=\"caption-wrap\"><div class=\"caption\"><div><a href=\"https:\/\/iclmg.ca\/fr\/lancement-consultation-citoyenne-ia\/\">La soci\u00e9t\u00e9 civile lance une consultation citoyenne sur l\u2019IA : une r\u00e9glementation gouvernementale de l\u2019IA est n\u00e9cessaire<\/a><\/div><\/div><\/div><\/li>\n                <li style=\"display: none; width: 100%;\" class=\"slide-11386 ms-image \" aria-roledescription=\"slide\" aria-label=\"slide-11386\"><a href=\"https:\/\/iclmg.ca\/fr\/c-12-soci\/\" target=\"_self\" class=\"metaslider_image_link\"><img loading=\"lazy\" decoding=\"async\" src=\"https:\/\/iclmg.ca\/wp-content\/uploads\/2026\/02\/Screenshot-2026-02-12-at-3.28.53-PM-960x500.png\" height=\"500\" width=\"960\" alt=\"\" class=\"slider-2157 slide-11386\" title=\"Screenshot 2026-02-12 at 3.28.53\u202fPM\" \/><\/a><\/li>\n                <li style=\"display: none; width: 100%;\" class=\"slide-11312 ms-image \" aria-roledescription=\"slide\" aria-label=\"slide-11312\"><img loading=\"lazy\" decoding=\"async\" src=\"https:\/\/iclmg.ca\/wp-content\/uploads\/2025\/12\/rejet-front-slider-960x500.png\" height=\"500\" width=\"960\" alt=\"\" class=\"slider-2157 slide-11312\" title=\"rejet front slider\" \/><div class=\"caption-wrap\"><div class=\"caption\"><div><a href=\"https:\/\/iclmg.ca\/fr\/pour-un-rejet-du-paradigme-du-terrorisme\/\">Une contribution co-pr\u00e9sent\u00e9e au Rapporteur Sp\u00e9cial sur les droits humains et la lutte antiterroriste<\/a><\/div><\/div><\/div><\/li>\n                <li style=\"display: none; width: 100%;\" class=\"slide-11300 ms-image \" aria-roledescription=\"slide\" aria-label=\"slide-11300\"><img loading=\"lazy\" decoding=\"async\" src=\"https:\/\/iclmg.ca\/wp-content\/uploads\/2015\/12\/bigstock-green-donate-button-46905649-e1436889936996-900x468-2-898x468.jpg\" height=\"500\" width=\"960\" alt=\"\" class=\"slider-2157 slide-11300\" title=\"bigstock-green-donate-button-46905649-e1436889936996-900x468-2\" \/><div class=\"caption-wrap\"><div class=\"caption\"><div><a href=\"https:\/\/iclmg.ca\/fr\/mardi-je-donne-2025\/\">Aidez-nous \u00e0 prot\u00e9ger les libert\u00e9s\u00a0civiles contre les attaques l\u00e9gislatives au f\u00e9d\u00e9ral!<\/a><\/div><\/div><\/div><\/li>\n                <li style=\"display: none; width: 100%;\" class=\"slide-11149 ms-image \" aria-roledescription=\"slide\" aria-label=\"slide-11149\"><img loading=\"lazy\" decoding=\"async\" src=\"https:\/\/iclmg.ca\/wp-content\/uploads\/2025\/02\/Screenshot-2025-02-21-at-2.34.50\u202fPM-960x500.png\" height=\"500\" width=\"960\" alt=\"\" class=\"slider-2157 slide-11149\" title=\"Screenshot 2025-02-21 at 2.34.50\u202fPM\" \/><div class=\"caption-wrap\"><div class=\"caption\"><div><a href=\"https:\/\/iclmg.ca\/fr\/retirez-c2\/\">Plus de 300 organisations s\u2019unissent pour exiger le retrait complet du projet de loi C-2<\/a><\/div><\/div><\/div><\/li>\n                <li style=\"display: none; width: 100%;\" class=\"slide-11106 ms-image \" aria-roledescription=\"slide\" aria-label=\"slide-11106\"><img loading=\"lazy\" decoding=\"async\" src=\"https:\/\/iclmg.ca\/wp-content\/uploads\/2025\/05\/Parliament-dusk-scaled-960x500.jpg\" height=\"500\" width=\"960\" alt=\"\" class=\"slider-2157 slide-11106\" title=\"Parliament dusk\" \/><div class=\"caption-wrap\"><div class=\"caption\"><div><a href=\"https:\/\/iclmg.ca\/fr\/le-gouvernement-liberal-doit-prioriser-des-mesures-fortes-et-sans-equivoque-pour-proteger-les-libertes-civiles-et-les-droits-de-la-personne-en-ces-temps-tourmentes\/\">Le gouvernement lib\u00e9ral doit prioriser des mesures fortes et sans \u00e9quivoque pour prot\u00e9ger les libert\u00e9s civiles et les droits de la personne en ces temps tourment\u00e9s<\/a><\/div><\/div><\/div><\/li>\n                <li style=\"display: none; width: 100%;\" class=\"slide-11073 ms-image \" aria-roledescription=\"slide\" aria-label=\"slide-11073\"><img loading=\"lazy\" decoding=\"async\" src=\"https:\/\/iclmg.ca\/wp-content\/uploads\/2025\/04\/Canada_Parliament_Buildings_Jonathankslim_Wikimedia_CC_BY_SA-1-960x500.jpg\" height=\"500\" width=\"960\" alt=\"\" class=\"slider-2157 slide-11073\" title=\"Canada_Parliament_Buildings_Jonathankslim_Wikimedia_CC_BY_SA\" \/><div class=\"caption-wrap\"><div class=\"caption\"><div><a href=\"https:\/\/iclmg.ca\/fr\/editorial-election-2025\/\">Le Canada doit se dissocier du r\u00e9gime de s\u00e9curit\u00e9 nationale des \u00c9tats-Unis et prot\u00e9ger les droits, les libert\u00e9s et les personnes vuln\u00e9rables<\/a><\/div><\/div><\/div><\/li>\n                <li style=\"display: none; width: 100%;\" class=\"slide-10821 ms-image \" aria-roledescription=\"slide\" aria-label=\"slide-10821\"><a href=\"https:\/\/iclmg.ca\/fr\/arretez-deportation-harkat\/\" target=\"_self\" class=\"metaslider_image_link\"><img loading=\"lazy\" decoding=\"async\" src=\"https:\/\/iclmg.ca\/wp-content\/uploads\/2024\/09\/05170253-2-copy-scaled-960x500.jpg\" height=\"500\" width=\"960\" alt=\"\" class=\"slider-2157 slide-10821\" title=\"Mohamed Harkat\" \/><\/a><div class=\"caption-wrap\"><div class=\"caption\"><div><a href=\"https:\/\/iclmg.ca\/fr\/arretez-deportation-harkat\/\">23 ans d'injustice pour Mohamed Harkat: Arr\u00eatez sa d\u00e9portation vers la torture une fois pour toutes!<\/a><\/div><\/div><\/div><\/li>\n                <li style=\"display: none; width: 100%;\" class=\"slide-7872 ms-image \" aria-roledescription=\"slide\" aria-label=\"slide-7872\"><a href=\"https:\/\/iclmg.ca\/fr\/lettre-diab\/\" target=\"_self\" class=\"metaslider_image_link\"><img loading=\"lazy\" decoding=\"async\" src=\"https:\/\/iclmg.ca\/wp-content\/uploads\/2025\/01\/Diab-Ottawa-2018-01-e-scaled-960x500.jpg\" height=\"500\" width=\"960\" alt=\"\" class=\"slider-2157 slide-7872\" title=\"erogclark@gmail.com\" \/><\/a><div class=\"caption-wrap\"><div class=\"caption\"><div><a href=\"https:\/\/iclmg.ca\/fr\/lettre-diab\/\">LE CANADA DOIT METTRE FIN \u00c0 L\u2019INJUSTICE CONTRE LE DR. HASSAN DIAB<\/a><\/div><\/div><\/div><\/li>\n                <li style=\"display: none; width: 100%;\" class=\"slide-10677 ms-image \" aria-roledescription=\"slide\" aria-label=\"slide-10677\"><a href=\"https:\/\/iclmg.ca\/fr\/abolir-la-liste\/\" target=\"_self\" class=\"metaslider_image_link\"><img loading=\"lazy\" decoding=\"async\" src=\"https:\/\/iclmg.ca\/wp-content\/uploads\/2024\/10\/Screenshot-2024-10-23-at-6.35.40\u202fPM-960x500.png\" height=\"500\" width=\"960\" alt=\"\" class=\"slider-2157 slide-10677\" title=\"Screenshot 2024-10-23 at 6.35.40\u202fPM\" \/><\/a><div class=\"caption-wrap\"><div class=\"caption\"><div><a href=\"https:\/\/iclmg.ca\/fr\/abolir-la-liste\/\">Le Canada doit abolir la liste des entit\u00e9s terroristes!<\/a><\/div><\/div><\/div><\/li>\n                <li style=\"display: none; width: 100%;\" class=\"slide-10526 ms-image \" aria-roledescription=\"slide\" aria-label=\"slide-10526\"><a href=\"https:\/\/iclmg.ca\/fr\/20ans\/\" target=\"_self\" class=\"metaslider_image_link\"><img loading=\"lazy\" decoding=\"async\" src=\"https:\/\/iclmg.ca\/wp-content\/uploads\/2024\/09\/2-1-960x500.png\" height=\"500\" width=\"960\" alt=\"\" class=\"slider-2157 slide-10526\" title=\"2\" \/><\/a><\/li>\n                <li style=\"display: none; width: 100%;\" class=\"slide-9598 ms-image \" aria-roledescription=\"slide\" aria-label=\"slide-9598\"><a href=\"https:\/\/iclmg.ca\/fr\/a-propos\/prix\/\" target=\"_self\" class=\"metaslider_image_link\"><img loading=\"lazy\" decoding=\"async\" src=\"https:\/\/iclmg.ca\/wp-content\/uploads\/2023\/09\/WhatsApp-Image-2023-09-03-at-8.32.04-PM-960x500.jpeg\" height=\"500\" width=\"960\" alt=\"\" class=\"slider-2157 slide-9598\" title=\"WhatsApp Image 2023-09-03 at 8.32.04 PM\" \/><\/a><div class=\"caption-wrap\"><div class=\"caption\"><div><a href=\"https:\/\/iclmg.ca\/fr\/a-propos\/prix\/\">L'Association musulmane canadienne remet son prix \u00ab Ami de la communaut\u00e9 \u00bb 2023 \u00e0 la CSILC<\/a><\/div><\/div><\/div><\/li>\n                <li style=\"display: none; width: 100%;\" class=\"slide-9571 ms-image \" aria-roledescription=\"slide\" aria-label=\"slide-9571\"><a href=\"https:\/\/iclmg.ca\/fr\/22-ans-plus-tard\/\" target=\"_self\" class=\"metaslider_image_link\"><img loading=\"lazy\" decoding=\"async\" src=\"https:\/\/iclmg.ca\/wp-content\/uploads\/2023\/09\/c-51-march-cc-attribution-960x500.jpg\" height=\"500\" width=\"960\" alt=\"\" class=\"slider-2157 slide-9571\" title=\"c-51-march-cc-attribution\" \/><\/a><div class=\"caption-wrap\"><div class=\"caption\"><div><a href=\"https:\/\/iclmg.ca\/fr\/22-ans-plus-tard\/\">22 ANS PLUS TARD : L\u2019IMPACT PERSISTANT DE LA GUERRE AU TERRORISME SUR LES DROITS HUMAINS AU CANADA<\/a><\/div><\/div><\/div><\/li>\n                <li style=\"display: none; width: 100%;\" class=\"slide-9389 ms-image \" aria-roledescription=\"slide\" aria-label=\"slide-9389\"><a href=\"https:\/\/iclmg.ca\/fr\/decision-tribunal-canadiens-syrie\/\" target=\"_self\" class=\"metaslider_image_link\"><img loading=\"lazy\" decoding=\"async\" src=\"https:\/\/iclmg.ca\/wp-content\/uploads\/2016\/03\/megaphone-scaled-960x500.jpg\" height=\"500\" width=\"960\" alt=\"\" class=\"slider-2157 slide-9389\" title=\"megaphone\" \/><\/a><div class=\"caption-wrap\"><div class=\"caption\"><div><a href=\"https:\/\/iclmg.ca\/fr\/decision-tribunal-canadiens-syrie\/\">LA CSILC R\u00c9AGIT \u00c0 LA TROUBLANTE D\u00c9CISION DU TRIBUNAL CONCERNANT LA D\u00c9TENTION IND\u00c9FINIE DE CANADIENS EN SYRIE<\/a><\/div><\/div><\/div><\/li>\n                <li style=\"display: none; width: 100%;\" class=\"slide-8454 ms-image \" aria-roledescription=\"slide\" aria-label=\"slide-8454\"><a href=\"https:\/\/iclmg.ca\/fr\/reforme-extradition\/\" target=\"_self\" class=\"metaslider_image_link\"><img loading=\"lazy\" decoding=\"async\" src=\"https:\/\/iclmg.ca\/wp-content\/uploads\/2024\/10\/TAKE-ACTION-New-mode-size-960x500.png\" height=\"500\" width=\"960\" alt=\"\" class=\"slider-2157 slide-8454\" title=\"TAKE ACTION New mode size\" \/><\/a><div class=\"caption-wrap\"><div class=\"caption\"><div><a href=\"https:\/\/iclmg.ca\/fr\/reforme-extradition\/\">ACTION: LE CANADA DOIT R\u00c9FORMER LA LOI SUR L\u2019EXTRADITION!<\/a><\/div><\/div><\/div><\/li>\n                <li style=\"display: none; width: 100%;\" class=\"slide-8430 ms-image \" aria-roledescription=\"slide\" aria-label=\"slide-8430\"><a href=\"https:\/\/iclmg.ca\/fr\/chiffrement\/\" target=\"_self\" class=\"metaslider_image_link\"><img loading=\"lazy\" decoding=\"async\" src=\"https:\/\/iclmg.ca\/wp-content\/uploads\/2024\/10\/TAKE-ACTION-New-mode-size-960x500.png\" height=\"500\" width=\"960\" alt=\"\" class=\"slider-2157 slide-8430\" title=\"TAKE ACTION New mode size\" \/><\/a><div class=\"caption-wrap\"><div class=\"caption\"><div><a href=\"https:\/\/iclmg.ca\/fr\/chiffrement\/\">ACTION : LE CANADA DOIT PROT\u00c9GER LE CHIFFREMENT!<\/a><\/div><\/div><\/div><\/li>\n                <li style=\"display: none; width: 100%;\" class=\"slide-8258 ms-image \" aria-roledescription=\"slide\" aria-label=\"slide-8258\"><a href=\"https:\/\/iclmg.ca\/fr\/abandonnons-lantiterrorisme\/\" target=\"_self\" class=\"metaslider_image_link\"><img loading=\"lazy\" decoding=\"async\" src=\"https:\/\/iclmg.ca\/wp-content\/uploads\/2019\/12\/Eternalflame_haddensavix_wikimedia_CC-BY-scaled-e1738603278727-960x500.jpg\" height=\"500\" width=\"960\" alt=\"\" class=\"slider-2157 slide-8258\" title=\"Eternalflame_haddensavix_wikimedia_CC-BY\" \/><\/a><div class=\"caption-wrap\"><div class=\"caption\"><div><a href=\"https:\/\/iclmg.ca\/fr\/abandonnons-lantiterrorisme\/\">LE CANADA DOIT ABANDONNER L\u2019ANTITERRORISME ET LA S\u00c9CURIT\u00c9 NATIONALE<\/a><\/div><\/div><\/div><\/li>\n                <li style=\"display: none; width: 100%;\" class=\"slide-7730 ms-image \" aria-roledescription=\"slide\" aria-label=\"slide-7730\"><img loading=\"lazy\" decoding=\"async\" src=\"https:\/\/iclmg.ca\/wp-content\/uploads\/2026\/03\/communique-logo-front-page-slider-960x500.png\" height=\"500\" width=\"960\" alt=\"\" class=\"slider-2157 slide-7730\" title=\"communique\u0301 logo front page slider\" \/><div class=\"caption-wrap\"><div class=\"caption\"><div><a href=\"https:\/\/iclmg.ca\/fr\/lois-antiterroristes-pas-la-solution\/\">L\u2019UTILISATION DE LOIS ANTITERRORISTES PROBL\u00c9MATIQUES EST LA MAUVAISE APPROCHE DANS LA LUTTE CONTRE LE SUPR\u00c9MACISME BLANC<\/a><\/div><\/div><\/div><\/li>\n                <li style=\"display: none; width: 100%;\" class=\"slide-2667 ms-image \" aria-roledescription=\"slide\" aria-label=\"slide-2667\"><a href=\"http:\/\/iclmg.ca\/fr\/revue-de-lactualite\/\" target=\"_self\" class=\"metaslider_image_link\"><img loading=\"lazy\" decoding=\"async\" src=\"https:\/\/iclmg.ca\/wp-content\/uploads\/2015\/12\/Online-News-Keyboard-e1423588428772-425x221-2-424x221.jpg\" height=\"500\" width=\"960\" alt=\"\" class=\"slider-2157 slide-2667\" \/><\/a><div class=\"caption-wrap\"><div class=\"caption\"><div><a href=\"http:\/\/iclmg.ca\/fr\/revue-de-lactualite\/\">ABONNEZ-VOUS \u00c0 NOTRE REVUE DE L\u2019ACTUALIT\u00c9 HEBDOMADAIRE!<\/a><\/div><\/div><\/div><\/li>\n                <li style=\"display: none; width: 100%;\" class=\"slide-3658 ms-image \" aria-roledescription=\"slide\" aria-label=\"slide-3658\"><a href=\"http:\/\/iclmg.ca\/fr\/a-propos\/realisations-et-acquis\/\" target=\"_self\" class=\"metaslider_image_link\"><img loading=\"lazy\" decoding=\"async\" src=\"https:\/\/iclmg.ca\/wp-content\/uploads\/2016\/10\/CvPLWqlWgAAfHJl.jpg-large-1-960x500.jpeg\" height=\"500\" width=\"960\" alt=\"\" class=\"slider-2157 slide-3658\" \/><\/a><div class=\"caption-wrap\"><div class=\"caption\"><div><a href=\"http:\/\/iclmg.ca\/fr\/a-propos\/realisations-et-acquis\/\">R\u00c9ALISATIONS ET ACQUIS<\/a><\/div><\/div><\/div><\/li>\n                <li style=\"display: none; width: 100%;\" class=\"slide-5693 ms-image \" aria-roledescription=\"slide\" aria-label=\"slide-5693\"><a href=\"http:\/\/iclmg.ca\/fr\/ressources-contre-lislamophobie\/\" target=\"_self\" class=\"metaslider_image_link\"><img loading=\"lazy\" decoding=\"async\" src=\"https:\/\/iclmg.ca\/wp-content\/uploads\/2018\/01\/End-Islamophobia-Union-Station-Lorie-Shaull-Flickr-CC-BY-scaled-960x500.jpg\" height=\"500\" width=\"960\" alt=\"\" class=\"slider-2157 slide-5693\" \/><\/a><div class=\"caption-wrap\"><div class=\"caption\"><div><a href=\"http:\/\/iclmg.ca\/fr\/ressources-contre-lislamophobie\/\">RESSOURCES CONTRE L\u2019ISLAMOPHOBIE<\/a><\/div><\/div><\/div><\/li>\n                <li style=\"display: none; width: 100%;\" class=\"slide-5679 ms-image \" aria-roledescription=\"slide\" aria-label=\"slide-5679\"><a href=\"http:\/\/iclmg.ca\/fr\/le-financement-dun-mecanisme-de-recours-nest-quun-premier-pas-vers-la-resolution-des-problemes-de-la-liste-dinterdiction-de-vol-du-canada-selon-une-coalition-pour-la-defe\/\" target=\"_self\" class=\"metaslider_image_link\"><img loading=\"lazy\" decoding=\"async\" src=\"https:\/\/iclmg.ca\/wp-content\/uploads\/2024\/09\/Page-31-No-Fly-List-Kids-Hotel-Lobby-IMG-20240827-WA0000-960x500.jpg\" height=\"500\" width=\"960\" alt=\"\" class=\"slider-2157 slide-5679\" \/><\/a><div class=\"caption-wrap\"><div class=\"caption\"><div><a href=\"http:\/\/iclmg.ca\/fr\/le-financement-dun-mecanisme-de-recours-nest-quun-premier-pas-vers-la-resolution-des-problemes-de-la-liste-dinterdiction-de-vol-du-canada-selon-une-coalition-pour-la-defe\/\">LE FINANCEMENT D\u2019UN M\u00c9CANISME DE RECOURS N\u2019EST QU\u2019UN PREMIER PAS VERS LA R\u00c9SOLUTION DES PROBL\u00c8MES DE LA LISTE D\u2019INTERDICTION DE VOL DU CANADA<\/a><\/div><\/div><\/div><\/li>\n                <li style=\"display: none; width: 100%;\" class=\"slide-4804 ms-image \" aria-roledescription=\"slide\" aria-label=\"slide-4804\"><a href=\"http:\/\/iclmg.ca\/fr\/le-reglement-domar-khadr-est-une-excellente-nouvelle-mais-des-changements-systemiques-sont-aussi-necessaires-pour-proteger-les-droits-humains\/\" target=\"_self\" class=\"metaslider_image_link\"><img loading=\"lazy\" decoding=\"async\" src=\"https:\/\/iclmg.ca\/wp-content\/uploads\/2017\/07\/canadian-charter-of-rights-and-freedoms-2-620x322.jpg\" height=\"500\" width=\"960\" alt=\"\" class=\"slider-2157 slide-4804\" \/><\/a><div class=\"caption-wrap\"><div class=\"caption\"><div><a href=\"http:\/\/iclmg.ca\/fr\/le-reglement-domar-khadr-est-une-excellente-nouvelle-mais-des-changements-systemiques-sont-aussi-necessaires-pour-proteger-les-droits-humains\/\">LE R\u00c8GLEMENT D\u2019OMAR KHADR EST UNE EXCELLENTE NOUVELLE, MAIS DES CHANGEMENTS SYST\u00c9MIQUES SONT AUSSI N\u00c9CESSAIRES POUR PROT\u00c9GER LES DROITS HUMAINS<\/a><\/div><\/div><\/div><\/li>\n                <li style=\"display: none; width: 100%;\" class=\"slide-2211 ms-image \" aria-roledescription=\"slide\" aria-label=\"slide-2211\"><a href=\"http:\/\/iclmg.ca\/fr\/dans-linteret-national-criminalisation-des-defenseurs-des-terres-et-de-lenvironnement-dans-les-ameriques\/\" target=\"_self\" class=\"metaslider_image_link\"><img loading=\"lazy\" decoding=\"async\" src=\"https:\/\/iclmg.ca\/wp-content\/uploads\/2015\/09\/IntheNationalInterest-21-952x495.jpg\" height=\"500\" width=\"960\" alt=\"\" class=\"slider-2157 slide-2211\" \/><\/a><div class=\"caption-wrap\"><div class=\"caption\"><div><a href=\"http:\/\/iclmg.ca\/fr\/dans-linteret-national-criminalisation-des-defenseurs-des-terres-et-de-lenvironnement-dans-les-ameriques\/\">DANS L\u2019INT\u00c9R\u00caT NATIONAL? CRIMINALISATION DES D\u00c9FENSEURS DES TERRES ET DE L\u2019ENVIRONNEMENT DANS LES AM\u00c9RIQUES<\/a><\/div><\/div><\/div><\/li>\n            <\/ul>\n        <\/div>\n        \n    <\/div>\n<\/div>\n<p><span style=\"color: #000000;\">La Coalition pour la surveillance internationale des libert\u00e9s civiles (CSILC) est une coalition nationale d\u2019organisations de la soci\u00e9t\u00e9 civile canadienne qui a \u00e9t\u00e9 cr\u00e9\u00e9e suite \u00e0 l&#8217;adoption pr\u00e9cipit\u00e9e de la <em>Loi antiterroriste de 2001<\/em>. La coalition regroupe 45 ONG, syndicats, associations professionnelles, groupes confessionnels, organisations environnementales, de protection des droits humains et des libert\u00e9s civiles, ainsi que des groupes repr\u00e9sentant des communaut\u00e9s immigrantes et r\u00e9fugi\u00e9es au Canada. Le mandat de la CSILC est de d\u00e9fendre les libert\u00e9s civiles et les droits de la personne dans le contexte de la soi-disant \u201cguerre au terrorisme\u201d. <\/span><a href=\"http:\/\/iclmg.ca\/fr\/a-propos\/\">Lire plus<\/a><\/p>\n","protected":false},"excerpt":{"rendered":"<p>La Coalition pour la surveillance internationale des libert\u00e9s civiles (CSILC) est une coalition nationale d\u2019organisations de la soci\u00e9t\u00e9 civile canadienne qui a \u00e9t\u00e9 cr\u00e9\u00e9e suite \u00e0 l&#8217;adoption pr\u00e9cipit\u00e9e de la Loi antiterroriste de 2001. La coalition regroupe 45 ONG, syndicats, associations professionnelles, groupes confessionnels, organisations environnementales, de protection des droits humains et des libert\u00e9s civiles, [&hellip;]<\/p>\n","protected":false},"author":44,"featured_media":0,"parent":0,"menu_order":0,"comment_status":"closed","ping_status":"closed","template":"page-templates\/front-page.php","meta":{"_acf_changed":false,"jetpack_post_was_ever_published":false,"footnotes":""},"class_list":["post-946","page","type-page","status-publish","hentry"],"acf":[],"jetpack_shortlink":"https:\/\/wp.me\/P4gT3y-fg","jetpack_sharing_enabled":true,"_links":{"self":[{"href":"https:\/\/iclmg.ca\/fr\/wp-json\/wp\/v2\/pages\/946","targetHints":{"allow":["GET"]}}],"collection":[{"href":"https:\/\/iclmg.ca\/fr\/wp-json\/wp\/v2\/pages"}],"about":[{"href":"https:\/\/iclmg.ca\/fr\/wp-json\/wp\/v2\/types\/page"}],"author":[{"embeddable":true,"href":"https:\/\/iclmg.ca\/fr\/wp-json\/wp\/v2\/users\/44"}],"replies":[{"embeddable":true,"href":"https:\/\/iclmg.ca\/fr\/wp-json\/wp\/v2\/comments?post=946"}],"version-history":[{"count":0,"href":"https:\/\/iclmg.ca\/fr\/wp-json\/wp\/v2\/pages\/946\/revisions"}],"wp:attachment":[{"href":"https:\/\/iclmg.ca\/fr\/wp-json\/wp\/v2\/media?parent=946"}],"curies":[{"name":"wp","href":"https:\/\/api.w.org\/{rel}","templated":true}]}}