{"id":351,"date":"2014-03-12T17:08:16","date_gmt":"2014-03-12T21:08:16","guid":{"rendered":"https:\/\/iclmg.srv2.cfshosting.ca\/?page_id=351"},"modified":"2021-10-25T17:35:10","modified_gmt":"2021-10-25T21:35:10","slug":"rapports","status":"publish","type":"page","link":"https:\/\/iclmg.ca\/fr\/documents-2\/rapports\/","title":{"rendered":"Rapports &#038; Chapitres"},"content":{"rendered":"<p><a href=\"https:\/\/iclmg.ca\/prejudiced-audits\/\">The CRA\u2019s Prejudiced Audits: Counter-Terrorism and the Targeting of Muslim Charities in Canada<\/a>, 8 juin 2021<\/p>\n<p><a href=\"http:\/\/www.ubcpress.ca\/big-data-surveillance-and-security-intelligence\" target=\"_blank\" rel=\"noopener noreferrer\">Big Data Surveillance and Security Intelligence: The Canadian Case<\/a>, \u00e9dit\u00e9 par David Lyon et David Murakami Wood, publi\u00e9 par <span class=\"book-detail-publisher\">UBC Press, 1er d\u00e9cembre 2020. Tim McSorley &amp; Anne Dagenais Guertin de la CSILC ont \u00e9crit le chapitre 11 : &#8220;Confronting Big Data: Popular Resistance to Government Surveillance in Canada since 2001&#8221;.<\/span><\/p>\n<p><a href=\"https:\/\/iclmg.ca\/fr\/alerte-covid\/\" target=\"_blank\" rel=\"noopener noreferrer\">Notre analyse de l&#8217;application Alerte COVID<\/a>, ao\u00fbt 2020<\/p>\n<p><a href=\"http:\/\/iclmg.ca\/fr\/lrwc-csilc-sur-la-reponse-du-canada-au-comite-des-nations-unies-contre-la-torture-dans-laffaire-domar-khadr\/\">LRWC &amp; CSILC sur la r\u00e9ponse du Canada au Comit\u00e9 des Nations Unies contre la torture dans l\u2019affaire d\u2019Omar Khadr<\/a>, d\u00e9cembre\u00a02015<\/p>\n<p><a href=\"http:\/\/iclmg.ca\/fr\/communique-publication-de-rapport-securite-nationale-et-droits-de-la-personne\/\">ARAR +10: La s\u00e9curit\u00e9 nationale et les droits de la personne, une d\u00e9cennie apr\u00e8s<\/a>, octobre\u00a02015<\/p>\n<p><a href=\"https:\/\/www.policyalternatives.ca\/harper-record\/chapters#sthash.rbM5uHcr.dpuf\" target=\"_blank\" rel=\"noopener noreferrer\">More secure, but not safer: A review of national security policy from 2008 to the present<\/a>, chapitre dans\u00a0<a href=\"https:\/\/www.policyalternatives.ca\/harper-record\/chapters\" target=\"_blank\" rel=\"noopener noreferrer\">The Harper Record 2008-2015<\/a>, octobre 2015<\/p>\n<p><a href=\"http:\/\/iclmg.ca\/fr\/election-2015-carte-dinformation-sur-la-legislation-en-matiere-de-securite-nationale\/\">Carte d&#8217;information sur la s\u00e9curit\u00e9 nationale 2001-2015<\/a>, septembre\u00a02015<\/p>\n<p><a href=\"http:\/\/iclmg.ca\/wp-content\/uploads\/sites\/37\/2015\/09\/IntheNationalInterest_FullReport.pdf\" target=\"_blank\" rel=\"noopener noreferrer\">Dans l\u2019int\u00e9r\u00eat national? Criminalisation des d\u00e9fenseurs des terres et de l\u2019environnement dans les Am\u00e9riques<\/a>\u00a0&#8211; Rapport complet, ao\u00fbt\u00a02015<\/p>\n<p><a href=\"http:\/\/iclmg.ca\/wp-content\/uploads\/sites\/37\/2015\/09\/IntheNationalInterest_Summary_FR2.pdf\" target=\"_blank\" rel=\"noopener noreferrer\">Dans l\u2019int\u00e9r\u00eat national? Criminalisation des d\u00e9fenseurs des terres et de l\u2019environnement dans les Am\u00e9riques<\/a>\u00a0&#8211; Sommaire ex\u00e9cutif, ao\u00fbt 2015<\/p>\n<p><a href=\"http:\/\/iclmg.ca\/wp-content\/uploads\/2014\/03\/R-controles-frontaliers.pdf\">Rapport de recherche sur les contr\u00f4le frontaliers et les atteintes \u00e0 la libert\u00e9 et aux droits des voyageurs<\/a>, f\u00e9vrier 2010<\/p>\n<p><a href=\"http:\/\/iclmg.ca\/wp-content\/uploads\/2014\/03\/R-pr\u00e9sentation-Nantes-2008.pdf\">Pr\u00e9sentation au 3e Forum Mondial des Droits de l&#8217;homme, Nantes, France<\/a>, 1 juillet 2008<\/p>\n<p><a href=\"http:\/\/aix1.uottawa.ca\/~cforcese\/hrat\/principles.pdf\" target=\"_blank\" rel=\"noopener noreferrer\">Les Principes d&#8217;Ottawa relatifs \u00e0 la lutte au terrorisme et aux droits humains<\/a>, octobre, 2006<\/p>\n<p><a href=\"http:\/\/iclmg.ca\/wp-content\/uploads\/2014\/03\/R-ICAMS-FR-2005.pdf\">Campagne internationale contre la surveillance globale: D\u00e9veloppement d&#8217;un vaste syst\u00e8me de fichage et de surveillance \u00e0 grande \u00e9chelle (sommaire ex\u00e9cutif)<\/a>, 20 avril 2005<\/p>\n<p><a href=\"http:\/\/iclmg.ca\/wp-content\/uploads\/2014\/03\/R-ICAMS-2005-full-report.pdf\">Campagne internationale contre la surveillance globale: D\u00e9veloppement d&#8217;un vaste syst\u00e8me de fichage et de surveillance \u00e0 grande \u00e9chelle (rapport complet)<\/a>, avril 2005<\/p>\n<p><a href=\"http:\/\/iclmg.ca\/wp-content\/uploads\/2014\/03\/R-antiterrorisme-et-droits-2004.pdf\">S\u00e9curit\u00e9 et strat\u00e9gie antiterrorisme : R\u00e9percussions sur les droits, les libert\u00e9s et la d\u00e9mocratie<\/a>, 28 avril 2004<\/p>\n<p><a href=\"http:\/\/iclmg.ca\/wp-content\/uploads\/2014\/03\/R-ombre_de_la_loi.pdf\">Dans l\u2019ombre de la loi, rapport de la CSILC en r\u00e9action au 1er rapport annuel de Justice Canada sur l\u2019application de la Loi antiterroriste (C-36)<\/a>, 14 mai 2003<\/p>\n<div><\/div>\n<table style=\"border-color: #fcfcfc; background-color: #d6d4d4; height: 324px;\" width=\"625\">\n<tbody>\n<tr>\n<td style=\"width: 613px;\">\n<div>\n<h2 class=\"contributions__title contributions__title--epic\"><span style=\"color: #000000;\">Puisque vous \u00eates ici\u2026<\/span><\/h2>\n<p><span style=\"color: #000000;\">\u2026 nous avons une faveur \u00e0 vous demander. \u00c0 la CSILC, nous travaillons sans rel\u00e2che afin de prot\u00e9ger et promouvoir les droits humains et les libert\u00e9s civiles dans le contexte de la soi-disant &#8220;guerre au terrorisme&#8221; au Canada. Nous ne recevons aucune aide financi\u00e8re des gouvernements municipaux, provinciaux et f\u00e9d\u00e9ral, ni d\u2019aucun parti politique. Tout don nous aidera \u00e0 poursuivre notre travail.<\/span><\/p>\n<\/div>\n<div><span style=\"color: #000000;\">Vous h\u00e9sitez \u00e0 donner? Consulter la page sur nos nombreuses\u00a0<a href=\"http:\/\/iclmg.ca\/fr\/a-propos\/realisations-et-acquis\/\">R\u00e9alisations et Acquis<\/a>\u00a0depuis\u00a02002. Merci de votre g\u00e9n\u00e9rosit\u00e9!\u00a0<\/span><span style=\"color: #000000;\"><a style=\"color: #000000;\" href=\"http:\/\/iclmg.ca\/donate\/\"><strong><br \/>\n<img loading=\"lazy\" decoding=\"async\" class=\"wp-image-4201 aligncenter\" src=\"http:\/\/iclmg.ca\/wp-content\/uploads\/2017\/02\/bouton-faire-un-don-e1487111641869.jpg\" width=\"188\" height=\"38\" \/><\/strong><\/a><\/span><\/div>\n<\/td>\n<\/tr>\n<\/tbody>\n<\/table>\n","protected":false},"excerpt":{"rendered":"<p>The CRA\u2019s Prejudiced Audits: Counter-Terrorism and the Targeting of Muslim Charities in Canada, 8 juin 2021 Big Data Surveillance and Security Intelligence: The Canadian Case, \u00e9dit\u00e9 par David Lyon et David Murakami Wood, publi\u00e9 par UBC Press, 1er d\u00e9cembre 2020. Tim McSorley &amp; Anne Dagenais Guertin de la CSILC ont \u00e9crit le chapitre 11 : [&hellip;]<\/p>\n","protected":false},"author":44,"featured_media":0,"parent":318,"menu_order":0,"comment_status":"closed","ping_status":"closed","template":"","meta":{"_acf_changed":false,"jetpack_post_was_ever_published":false,"footnotes":""},"class_list":["post-351","page","type-page","status-publish","hentry"],"acf":[],"jetpack_shortlink":"https:\/\/wp.me\/P4gT3y-5F","jetpack_sharing_enabled":true,"_links":{"self":[{"href":"https:\/\/iclmg.ca\/fr\/wp-json\/wp\/v2\/pages\/351","targetHints":{"allow":["GET"]}}],"collection":[{"href":"https:\/\/iclmg.ca\/fr\/wp-json\/wp\/v2\/pages"}],"about":[{"href":"https:\/\/iclmg.ca\/fr\/wp-json\/wp\/v2\/types\/page"}],"author":[{"embeddable":true,"href":"https:\/\/iclmg.ca\/fr\/wp-json\/wp\/v2\/users\/44"}],"replies":[{"embeddable":true,"href":"https:\/\/iclmg.ca\/fr\/wp-json\/wp\/v2\/comments?post=351"}],"version-history":[{"count":0,"href":"https:\/\/iclmg.ca\/fr\/wp-json\/wp\/v2\/pages\/351\/revisions"}],"up":[{"embeddable":true,"href":"https:\/\/iclmg.ca\/fr\/wp-json\/wp\/v2\/pages\/318"}],"wp:attachment":[{"href":"https:\/\/iclmg.ca\/fr\/wp-json\/wp\/v2\/media?parent=351"}],"curies":[{"name":"wp","href":"https:\/\/api.w.org\/{rel}","templated":true}]}}