{"id":346,"date":"2014-03-12T17:05:35","date_gmt":"2014-03-12T21:05:35","guid":{"rendered":"https:\/\/iclmg.srv2.cfshosting.ca\/?page_id=346"},"modified":"2025-10-22T18:24:46","modified_gmt":"2025-10-22T22:24:46","slug":"communiques-de-presse","status":"publish","type":"page","link":"https:\/\/iclmg.ca\/fr\/documents-2\/communiques-de-presse\/","title":{"rendered":"Communiqu\u00e9s de presse"},"content":{"rendered":"<p class=\"entry-title\"><a href=\"https:\/\/iclmg.ca\/fr\/communique-conjoint-c-12\/\" target=\"_blank\" rel=\"noopener\">Le d\u00e9p\u00f4t\u00a0du projet de loi C-12 ne r\u00e9sout aucun des probl\u00e8mes du projet de loi C-2<\/a>, 9 octobre 2025<\/p>\n<p class=\"entry-title\"><a href=\"https:\/\/ccla.org\/fr\/communique-de-presse\/civil-society-groups-demand-federal-government-rethink-bill-c-9\/\" target=\"_blank\" rel=\"noopener\">Des groupes de la soci\u00e9t\u00e9 civile demandent au gouvernement f\u00e9d\u00e9ral de revoir le projet de loi C-9<\/a>, 6 octobre 2025<\/p>\n<p class=\"entry-title\"><a href=\"https:\/\/iclmg.ca\/new-watchdog-report-finds-government-approach-to-counter-terror-audits-of-muslim-charities-is-flawed-biased-and-discriminatory\/\" target=\"_blank\" rel=\"noopener\">New watchdog report finds government approach to counter-terror audits of Muslim charities is flawed, raises substantial concerns of bias and discrimination<\/a>, 2 octobre 2025<\/p>\n<p class=\"entry-title\"><a href=\"https:\/\/iclmg.ca\/fr\/retirez-c2\/\" target=\"_blank\" rel=\"noopener\">Plus de 300 organisations s\u2019unissent pour exiger le retrait complet du projet de loi C-2<\/a>,\u00a018 juin 2025<\/p>\n<p class=\"entry-title\"><a href=\"https:\/\/iclmg.ca\/iclmg-welcomes-commitment-rad\/\" target=\"_blank\" rel=\"noopener\">ICLMG welcomes commitment to tackle prejudiced audits of Muslim-led charities in Canada from Liberal leadership contender, calls on others to follow suit<\/a>, 21 f\u00e9vrier 2025<\/p>\n<p class=\"entry-title\"><a href=\"https:\/\/iclmg.ca\/liberal-government-must-prioritize-strong-unequivocal-action-to-protect-civil-liberties-during-time-of-turmoil\/\" target=\"_blank\" rel=\"noopener\">Liberal government must prioritize strong, unequivocal action to protect civil liberties and human rights during time of turmoil<\/a>, 15 mai 2025<\/p>\n<p class=\"entry-title\"><a href=\"https:\/\/iclmg.ca\/release-hogue-commission-report\/\" target=\"_blank\" rel=\"noopener\">Hogue Commission succeeds in setting the record straight on foreign interference, but misses opportunity to highlight government failure to protect civil liberties<\/a>, 29 janvier 2025<\/p>\n<p class=\"entry-title\"><a href=\"https:\/\/iclmg.ca\/gaps-in-c-20-undermine-accountability\/\" target=\"_blank\" rel=\"noopener\">Advocates welcome long overdue review body for CBSA and RCMP, but warn gaps will undermine accountability<\/a>, 12 novembre 2024<\/p>\n<p class=\"entry-title\"><a href=\"https:\/\/iclmg.ca\/fr\/c-70-droits-menaces\/\">Les droits garantis par la Charte seront menac\u00e9s si le S\u00e9nat ne modifie pas le projet de loi sur l\u2019ing\u00e9rence \u00e9trang\u00e8re<\/a>,\u00a019 juin 2024<\/p>\n<p class=\"entry-title\"><a href=\"https:\/\/iclmg.ca\/fr\/loi-ingerence-etrangere-communique\/\">Le nouveau projet de loi sur l\u2019ing\u00e9rence \u00e9trang\u00e8re aura des cons\u00e9quences beaucoup plus vastes sur les droits et libert\u00e9s au Canada, pr\u00e9vient une coalition de d\u00e9fense des libert\u00e9s civiles<\/a>, 7 mai 2024<\/p>\n<p class=\"entry-title\"><a href=\"https:\/\/iclmg.ca\/fr\/retirez-liad\/\">Des acteurs cl\u00e9s r\u00e9clament le retrait de la loi controvers\u00e9e sur l\u2019intelligence artificielle<\/a>, <span style=\"font-size: 1rem;\">24 avril 2024<\/span><\/p>\n<p><a href=\"https:\/\/iclmg.ca\/public-consultation-for-aida\/\">Advocates urge full public consultation on controversial AI legislation<\/a>, 14 d\u00e9cembre 2023<\/p>\n<p><a href=\"https:\/\/ccla.org\/fr\/communique-de-presse\/les-groupes-de-la-societe-civile-et-les-universitaires-jugent-dangereuse-la-legislation-gouvernementale-sur-les-droits-de-lhomme\/\" target=\"_blank\" rel=\"noopener\">La l\u00e9gislation gouvernementale sur le FRT est \u00ab dangereuse \u00bb, selon des groupes de la soci\u00e9t\u00e9 civile et des universitaires<\/a>, 1er novembre 2023<\/p>\n<p><a href=\"https:\/\/iclmg.ca\/wp-content\/uploads\/2023\/11\/C-27-press-release-Sept-25-2023.pdf\" target=\"_blank\" rel=\"noopener noreferrer\">Advocates demand proper consideration for AI regulation: Canadians deserve to be protected from AI overreach, but Bill C-27\u2019s Artificial Intelligence and Data Act is not up to the task<\/a>, 25 septembre 2023<\/p>\n<p class=\"entry-title\"><a class=\"wp-live-preview\" href=\"https:\/\/iclmg.ca\/taxpayers-ombudsperson-report-on-systemic-bias-at-canada-revenue-agency\/\" rel=\"bookmark\">Taxpayers\u2019 Ombudsperson report on systemic bias at Canada Revenue Agency demonstrates need for moratorium, accountability and transparency<\/a>, 27 mars 2023<\/p>\n<p class=\"entry-title\"><a class=\"wp-live-preview\" href=\"https:\/\/iclmg.ca\/nsira-cra-review\/\" rel=\"bookmark\">National security review of Canada Revenue Agency welcome, but should not delay immediate action<\/a>, 15 mars 2023<\/p>\n<p><a href=\"https:\/\/iclmg.ca\/nsira-csis-threat-reduction\/\">Feds must immediately suspend CSIS threat reduction powers following latest watchdog report<\/a>, 21 f\u00e9vrier 2023<\/p>\n<p class=\"entry-title\"><a class=\"wp-live-preview\" href=\"https:\/\/iclmg.ca\/troubling-revelation-of-possible-government-targeting-of-muslim-association-of-canada-requires-independent-investigation\/\" rel=\"bookmark\">Troubling revelation of possible government targeting of Muslim Association of Canada requires independent investigation<\/a>, 15 d\u00e9cembre 2022<\/p>\n<p><a href=\"https:\/\/iclmg.ca\/parliamentaryreport-demonstrates-urgent-need-to-rein-in-facial-recognition\/\">\u201cNew parliamentary report demonstrates urgent need to rein in facial recognition, artificial intelligence to protect rights of people in Canada,\u201d<\/a> 5 octobre 2022<\/p>\n<p><a href=\"https:\/\/iclmg.ca\/groups-highlight-concerns-with-deeplyproblematic-bill-c-26\/\">\u201cCivil Society groups highlight concerns with \u2018deeply problematic\u2019 Cybersecurity Bill C-26 ahead of Commons debate,\u201d<\/a> 28 septembre 2022<\/p>\n<p><a href=\"https:\/\/iclmg.ca\/aid-to-afghanistan-cant-wait\/\">\u201cAid to Afghanistan can&#8217;t wait,\u201d<\/a> 15 ao\u00fbt 2022<\/p>\n<p><a href=\"https:\/\/iclmg.ca\/repatriation-pressrelease-230622\/\">\u201cMPs Join Former Guantanamo Detainee and International Voices Demanding Canada Repatriate 44 Citizens from Northeast Syrian Detention,\u201d<\/a> 21 juin 2022<\/p>\n<p><a href=\"https:\/\/iclmg.ca\/border-search-amendment-victory\/\">\u201cSenate amendments to electronic device search bill will strengthen privacy, help protect against profiling at the border,\u201d<\/a> 15 juin 2021<\/p>\n<p class=\"entry-title\"><a class=\"wp-live-preview\" href=\"https:\/\/iclmg.ca\/opc-rcmp-clearviewai\/\" rel=\"bookmark\">Privacy Commissioner Report Slamming RCMP Use of Facial Recognition Technology Demonstrates the Need for an Immediate Ban<\/a>, 15 juin 2021<\/p>\n<p><a href=\"https:\/\/iclmg.ca\/london-attack-statement\/\" target=\"_blank\" rel=\"noopener noreferrer\">ICLMG denounces Islamophobic and hate-based attack in London and expresses deep condolences to the family and Muslim community<\/a>, 8 juin 2021<\/p>\n<p class=\"entry-title\"><a class=\"wp-live-preview\" href=\"https:\/\/iclmg.ca\/fr\/trudeau-doit-proteger-diab\/\" rel=\"bookmark\">Trudeau doit prot\u00e9ger Hassan Diab suite \u00e0 la d\u00e9cision choquante du tribunal fran\u00e7ais<\/a>, 19 mai 2021<\/p>\n<p><a class=\"wp-live-preview\" href=\"https:\/\/iclmg.ca\/government-must-take-bold-action-if-it-is-serious-about-resolving-systemic-islamophobia-in-cra-counter-terrorism-audits\/\" rel=\"bookmark\">Government must take bold action if it is serious about resolving systemic Islamophobia in CRA counter-terrorism audits<\/a>, 9 f\u00e9vrier 2022<\/p>\n<p class=\"entry-title\"><a class=\"wp-live-preview\" href=\"https:\/\/iclmg.ca\/fr\/lois-antiterroristes-pas-la-solution\/\" rel=\"bookmark\">L\u2019utilisation des lois antiterroristes probl\u00e9matiques est la mauvaise approche dans la lutte urgente contre le supr\u00e9macisme blanc et la violence fond\u00e9e sur la haine<\/a>,\u00a03 f\u00e9vrier 2021<\/p>\n<p class=\"entry-title\"><a class=\"wp-live-preview\" href=\"https:\/\/iclmg.ca\/hassan-diab-appeal-reaction\/\" rel=\"bookmark\">Prime Minister Trudeau must intervene after outrageous French ruling in Hassan Diab case<\/a>, 28 janvier 2021<\/p>\n<p class=\"entry-title\"><a href=\"https:\/\/iclmg.ca\/fr\/lettre-reconnaissance-faciale\/\" target=\"_blank\" rel=\"noopener noreferrer\">Le gouvernement canadien doit interdire l\u2019utilisation de la reconnaissance faciale par les forces polici\u00e8res et les agences de renseignement f\u00e9d\u00e9rales<\/a>, 8 juillet 2020<\/p>\n<p><a href=\"https:\/\/iclmg.ca\/wp-content\/uploads\/2020\/04\/Press-release-Experts-call-for-privacy-precautions-COVID-19.pdf\" target=\"_blank\" rel=\"noopener noreferrer\">Experts call for privacy precautions in use of personal data for fighting COVID-19<\/a>, 15 avril 2020<\/p>\n<p><a href=\"http:\/\/iclmg.ca\/election-2019-pr\/\" target=\"_blank\" rel=\"noopener noreferrer\">Coalition Calls On Federal Leaders to Commit to Defending Civil Liberties in 2019 Federal Election<\/a>, 25 septembre 2019<\/p>\n<p><a href=\"http:\/\/iclmg.ca\/diab-extradition-review\/\" target=\"_blank\" rel=\"noopener noreferrer\">Government Review of Hassan Diab Extradition Offers Few Answers, No Solutions: Civil Liberties Coalition<\/a>, 9 ao\u00fbt 2019<\/p>\n<p class=\"entry-title\"><a href=\"https:\/\/iclmg.ca\/fr\/c59-est-loi\/\" target=\"_blank\" rel=\"noopener noreferrer\">C-59 est maintenant loi. Les parlementaires n\u2019ont pas prot\u00e9g\u00e9 les droits des Canadien.nes<\/a>. 18 juin 2020<\/p>\n<p class=\"entry-title\"><a class=\"wp-live-preview\" href=\"http:\/\/iclmg.ca\/senators-fail-protect-civil-liberties-adopting-bill-c-59-without-crucial-amendments\/\" rel=\"bookmark\">Senators fail to protect civil liberties by adopting Bill C-59 without crucial amendments<\/a>, 30 mai 2019<\/p>\n<p class=\"entry-title\"><a class=\"wp-live-preview\" href=\"http:\/\/iclmg.ca\/fr\/comite-senatorial-derniere-rencontre-c59\/\" rel=\"bookmark\">Un comit\u00e9 s\u00e9natorial manque l\u2019occasion de prot\u00e9ger nos droits dans le cadre de l\u2019\u00e9tude du projet de loi C-59 sur la s\u00e9curit\u00e9 nationale. Maintenant, le S\u00e9nat dans son ensemble doit agir<\/a>, 13 mai 2019<\/p>\n<p class=\"entry-title\"><a class=\"wp-live-preview\" href=\"http:\/\/iclmg.ca\/fr\/le-canada-doit-agir-pour-que-yasser-ahmed-albaz-soit-libere-et-retourne-au-pays-immediatement\/\" rel=\"bookmark\">Le Canada doit agir pour que Yasser Ahmed Albaz soit lib\u00e9r\u00e9 et retourn\u00e9 au pays imm\u00e9diatement<\/a>\u00a0, 28 f\u00e9vrier 2019<\/p>\n<p><a class=\"wp-live-preview\" href=\"http:\/\/iclmg.ca\/canadian-public-deserves-answers-action-troubling-new-national-security-report\/\" rel=\"bookmark\">Canadian Public Deserves Answers and Action Over Troubling New National Security Report,\u00a0<\/a>18 d\u00e9cembre 2018<\/p>\n<p><a class=\"wp-live-preview\" href=\"http:\/\/iclmg.ca\/cat-redress-torture-2018\/\" rel=\"bookmark\">UN Report: Canada failed to provide full redress for its involvement in the torture of five Canadians<\/a>, 11 d\u00e9cembre 2018<\/p>\n<p><a class=\"wp-live-preview\" href=\"http:\/\/iclmg.ca\/canada-not-collect-travelers-exit-data-iclmg-tells-senate-committee\/\" rel=\"bookmark\">Canada should not collect all travelers\u2019 exit data, ICLMG tells Senate Committee,<\/a>\u00a09 novembre 2018<\/p>\n<p><a class=\"wp-live-preview\" href=\"http:\/\/iclmg.ca\/canada-continues-ignore-obligation-investigate-omar-khadr-torture-act-prevent-future-abuses\/\" rel=\"bookmark\">Canada Continues to Ignore Obligation to Investigate Omar Khadr Torture, and to Act to Prevent Future Abuses<\/a>, 15 octobre 2018<\/p>\n<p class=\"entry-title\"><a class=\"wp-live-preview\" href=\"http:\/\/iclmg.ca\/government-fails-protect-rights-rushes-national-security-bill-second-reading\/\" rel=\"bookmark\">Government fails to protect rights as it rushes national security bill through second-reading<\/a>, 14 juin 2018<\/p>\n<p class=\"entry-title\"><a class=\"wp-live-preview\" href=\"http:\/\/iclmg.ca\/civil-society-statement-c59\/\" rel=\"bookmark\">Civil Society Statement Regarding Bill C-59<\/a>, 4 avril 2018<\/p>\n<p class=\"entry-title\"><a class=\"wp-live-preview\" href=\"http:\/\/iclmg.ca\/fr\/le-financement-dun-mecanisme-de-recours-nest-quun-premier-pas-vers-la-resolution-des-problemes-de-la-liste-dinterdiction-de-vol-du-canada-selon-une-coalition-pour-la-defe\/\" rel=\"bookmark\">Le financement d\u2019un m\u00e9canisme de recours n\u2019est qu\u2019un premier pas vers la r\u00e9solution des probl\u00e8mes de la liste d\u2019interdiction de vol du Canada<\/a>, 28 f\u00e9vrier 2018<\/p>\n<p class=\"entry-title\"><a class=\"wp-live-preview\" href=\"http:\/\/iclmg.ca\/new-ministerial-direction-on-avoiding-complicity-in-mistreatment-by-foreign-entities-falls-short-on-fulfilling-goal-of-preventing-the-sharing-requesting-or-use-of-information-tied-to-torture\/\" rel=\"bookmark\">New Ministerial Direction falls short on fulfilling goal of preventing the sharing, requesting or use of information tied to torture<\/a>\u00a025 septembre 2017<\/p>\n<p class=\"entry-title\"><a class=\"wp-live-preview\" href=\"http:\/\/iclmg.ca\/government-must-take-action-on-shocking-disturbing-allegations-of-discrimination-and-racism-within-ranks-of-csis-civil-liberties-coalition\/\" rel=\"bookmark\">Government must take action on shocking, disturbing allegations of discrimination and racism within ranks of CSIS: civil liberties coalition<\/a>, 14 juillet\u00a02017<\/p>\n<p class=\"entry-title\"><a class=\"wp-live-preview\" href=\"http:\/\/iclmg.ca\/fr\/le-reglement-domar-khadr-est-une-excellente-nouvelle-mais-des-changements-systemiques-sont-aussi-necessaires-pour-proteger-les-droits-humains\/\" rel=\"bookmark\">Le r\u00e8glement d\u2019Omar Khadr est une excellente nouvelle, mais des changements syst\u00e9miques sont aussi n\u00e9cessaires pour prot\u00e9ger les droits humains<\/a>,\u00a012 juillet\u00a02017<\/p>\n<p class=\"entry-title\"><a class=\"wp-live-preview\" href=\"http:\/\/iclmg.ca\/fr\/le-reglement-domar-khadr-est-juste-et-necessaire-declare-la-coalition-pour-la-surveillance-internationale-des-libertes-civiles\/\" rel=\"bookmark\">Le r\u00e8glement d\u2019Omar Khadr est juste et n\u00e9cessaire, d\u00e9clare la Coalition pour la surveillance internationale des libert\u00e9s civiles<\/a>, 12 juillet 2017<\/p>\n<p class=\"entry-title\"><a class=\"wp-live-preview\" href=\"http:\/\/iclmg.ca\/fr\/projet-de-loi-c-59-malgre-les-ameliorations-la-reforme-de-la-securite-nationale-ne-va-pas-assez-loin-pour-la-protection-des-libertes-civiles\/\" rel=\"bookmark\">Projet de loi C-59 : Malgr\u00e9 les am\u00e9liorations, la r\u00e9forme de la s\u00e9curit\u00e9 nationale ne va pas assez loin pour la protection des libert\u00e9s civiles<\/a>, 21 juin 2017<\/p>\n<p class=\"entry-title\"><a class=\"wp-live-preview\" href=\"http:\/\/iclmg.ca\/fr\/des-problemes-fondamentaux-entraveront-le-travail-du-comite-des-parlementaires-sur-la-securite-nationale-et-le-renseignement-previent-une-coalition-de-defense-des-libertes-civiles\/\" rel=\"bookmark\">Des probl\u00e8mes fondamentaux entraveront le travail du Comit\u00e9 des parlementaires sur la s\u00e9curit\u00e9 nationale et le renseignement, pr\u00e9vient une coalition de d\u00e9fense des libert\u00e9s civiles<\/a>, 21 juin 2017<\/p>\n<p class=\"entry-title\"><a class=\"wp-live-preview\" href=\"http:\/\/iclmg.ca\/fr\/laccord-de-precontrole-priorise-au-detriment-de-la-protection-des-voyageurs-du-canada-vers-les-etats-unis\/\" rel=\"bookmark\">L\u2019accord de pr\u00e9contr\u00f4le prioris\u00e9 au d\u00e9triment de la protection des voyageurs du Canada vers les \u00c9tats-Unis<\/a>, 15 juin 2017<\/p>\n<p class=\"entry-title\"><a class=\"wp-live-preview\" href=\"http:\/\/iclmg.ca\/fr\/des-groupes-de-defense-des-libertes-civiles-demandent-des-changements-urgents-aux-regles-de-precontrole\/\" rel=\"bookmark\">Des groupes de d\u00e9fense des libert\u00e9s civiles demandent des changements urgents aux r\u00e8gles de pr\u00e9contr\u00f4le<\/a>, 29 mai 2017<\/p>\n<p class=\"entry-title\"><a class=\"wp-live-preview\" href=\"http:\/\/iclmg.ca\/fr\/communique-un-comite-parlementaire-lance-un-appel-clair-a-laction-sur-la-securite-nationale-mais-le-gouvernement-doit-aller-plus-loin\/\" rel=\"bookmark\">Communiqu\u00e9: Un comit\u00e9 parlementaire lance un appel clair \u00e0 l\u2019action sur la s\u00e9curit\u00e9 nationale mais le gouvernement doit aller plus loin<\/a>, 3 mai 2017<\/p>\n<p class=\"entry-title\"><a class=\"wp-live-preview\" href=\"http:\/\/iclmg.ca\/fr\/communique-le-senat-doit-agir-afin-de-renforcer-la-surveillance-des-activites-de-securite-nationale-affirme-la-csilc\/\" rel=\"bookmark\">Communiqu\u00e9 : Le S\u00e9nat doit agir afin de renforcer la surveillance des activit\u00e9s de s\u00e9curit\u00e9 nationale, affirme la CSILC<\/a>, 4 avril 2017<\/p>\n<p class=\"entry-title\"><a class=\"wp-live-preview\" href=\"http:\/\/iclmg.ca\/fr\/communique-le-gouvernement-liberal-seloigne-de-son-engagement-envers-une-surveillance-solide-et-efficace-de-la-securite-nationale-declare-la-csilc\/\" rel=\"bookmark\">Communiqu\u00e9 : Le gouvernement lib\u00e9ral s\u2019\u00e9loigne de son engagement envers une surveillance solide et efficace de la s\u00e9curit\u00e9 nationale, d\u00e9clare la CSILC<\/a>, 27 mars 2017<\/p>\n<p class=\"entry-title\"><a class=\"wp-live-preview\" href=\"http:\/\/iclmg.ca\/fr\/communique-les-amendements-au-projet-de-loi-c-22-affaiblissent-le-comite-de-surveillance-de-la-securite-nationale-avant-meme-quil-ne-soit-cree\/\" rel=\"bookmark\">Communiqu\u00e9 : Les amendements au projet de loi C-22 affaiblissent le comit\u00e9 de surveillance de la s\u00e9curit\u00e9 nationale avant m\u00eame qu\u2019il ne soit cr\u00e9\u00e9<\/a>, 21 mars 2017<\/p>\n<p class=\"entry-title\"><a class=\"wp-live-preview\" href=\"http:\/\/iclmg.ca\/fr\/communique-la-csilc-presente-son-memoire-au-comite-secu-sur-c-22-un-projet-de-loi-inadequat-preoccupant-et-insuffisant\/\" rel=\"bookmark\">Communiqu\u00e9 : La CSILC pr\u00e9sente son m\u00e9moire au Comit\u00e9 SECU sur C-22 : un projet de loi inad\u00e9quat, pr\u00e9occupant et insuffisant<\/a>, 23 novembre 2016<\/p>\n<p class=\"entry-title\"><a class=\"wp-live-preview\" href=\"http:\/\/iclmg.ca\/fr\/communique-de-presse-nouvelle-direction-a-la-csilc-tim-mcsorley\/\" rel=\"bookmark\">Communiqu\u00e9 de presse : Nouvelle direction \u00e0 la CSILC, Tim McSorley<\/a>, 22 novembre 2016<\/p>\n<p class=\"entry-title\"><a class=\"wp-live-preview\" href=\"http:\/\/iclmg.ca\/fr\/communique-la-csilc-exhorte-le-gouvernement-a-mettre-en-place-des-mecanismes-dexamen-et-de-surveillance-robustes-pour-les-agences-de-securite-nationale\/\" rel=\"bookmark\">Communiqu\u00e9 : La CSILC exhorte le gouvernement \u00e0 mettre en place des m\u00e9canismes d\u2019examen et de surveillance robustes pour les agences de s\u00e9curit\u00e9 nationale<\/a>, 27 septembre 2016<\/p>\n<p><a href=\"http:\/\/iclmg.ca\/wp-content\/uploads\/2014\/03\/ICLMG_WSF_visas_FR.pdf\">La CSILC profond\u00e9ment pr\u00e9occup\u00e9e par le refus des responsables canadiens d\u2019accorder des visas \u00e0 de nombreux invit\u00e9s du Forum social mondial<\/a>, 9 ao\u00fbt 2016<\/p>\n<p class=\"entry-title\"><a class=\"wp-live-preview\" href=\"http:\/\/iclmg.ca\/fr\/la-csilc-accueille-favorablement-lannonce-de-la-liberation-du-citoyen-canadien-salim-alaradi\/\" rel=\"bookmark\">La CSILC accueille favorablement l\u2019annonce de la lib\u00e9ration\u00a0du\u00a0citoyen canadien Salim Alaradi<\/a>, 31 mars 2016<\/p>\n<p class=\"entry-title\"><a class=\"wp-live-preview\" href=\"http:\/\/iclmg.ca\/fr\/la-csilc-exhorte-le-canada-a-aider-la-famille-al-qazzaz-piegee-en-egypte\/\" rel=\"bookmark\">La CSILC exhorte le Canada \u00e0 aider la famille Al Qazzaz pi\u00e9g\u00e9e en \u00c9gypte<\/a>, 12 avril 2016<\/p>\n<p class=\"entry-title\"><a class=\"wp-live-preview\" href=\"http:\/\/iclmg.ca\/fr\/communique-la-csilc-se-rejouit-de-la-decision-du-procureur-des-etats-arabes-unis-dabandonner-les-accusations-de-terrorisme-dans-le-cas-du-citoyen-canadien-salim-alaradi\/\" rel=\"bookmark\">La CSILC se r\u00e9jouit de la d\u00e9cision du procureur des \u00c9tats arabes unis d\u2019abandonner les accusations de terrorisme dans le cas du citoyen canadien Salim Alaradi<\/a>, 21 mars 2016<\/p>\n<p class=\"entry-title\"><a class=\"wp-live-preview\" href=\"http:\/\/iclmg.ca\/fr\/communique-la-csilc-demande-la-tenue-dune-enquete-independante\/\" rel=\"bookmark\">La CSILC demande la tenue d\u2019une enqu\u00eate ind\u00e9pendante<\/a>, 15 mars 2016<\/p>\n<p class=\"entry-title\"><a class=\"wp-live-preview\" href=\"http:\/\/iclmg.ca\/fr\/des-groupes-canadiens-de-defense-des-droits-envoient-deux-lettres-au-ministre-de-la-securite-publique-ralph-goodale\/\" rel=\"bookmark\">Des groupes canadiens de d\u00e9fense des droits envoient deux lettres au ministre de la S\u00e9curit\u00e9 publique Ralph Goodale<\/a>, 10 mars 2016<\/p>\n<p class=\"entry-title\"><a class=\"wp-live-preview\" href=\"http:\/\/iclmg.ca\/fr\/des-groupes-canadiens-appellent-le-gouvernement-a-respecter-le-droit-a-la-dissidence\/\" rel=\"bookmark\">Des groupes canadiens appellent le gouvernement \u00e0 respecter le droit \u00e0 la dissidence<\/a>, 22 f\u00e9vrier 2016<\/p>\n<p class=\"entry-title\"><a class=\"wp-live-preview\" href=\"http:\/\/iclmg.ca\/fr\/communique-deux-organisations-canadiennes-de-defense-des-droits-de-la-personne-exhortent-le-canada-a-se-conformer-aux-recommandations-du-comite-des-nations-unies-contre-la-torture-dans-le-cas-domar\/\" rel=\"bookmark\">Deux organisations canadiennes de d\u00e9fense des droits de la personne exhortent le Canada \u00e0 se conformer aux recommandations du Comit\u00e9 des Nations unies contre la torture dans le cas d\u2019Omar Khadr<\/a>, 14 janvier 2016<\/p>\n<p><a href=\"http:\/\/iclmg.ca\/fr\/lexpulsion-de-mohamed-harkat-doit-etre-annulee-immediatement\/\">L&#8217;expulsion de Mohamed harkat doit \u00eatre annul\u00e9e imm\u00e9diatement<\/a>, 10 d\u00e9cembre 2015<\/p>\n<p><a href=\"http:\/\/iclmg.ca\/fr\/communique-publication-de-rapport-securite-nationale-et-droits-de-la-personne\/\">Publication de rapport: S\u00e9curit\u00e9 nationale et droits de la personne<\/a>, 29 octobre\u00a02015<\/p>\n<p><a href=\"http:\/\/iclmg.ca\/fr\/communique-la-csilc-se-rejouit-de-lannonce-que-la-grc-porte-des-accusations-criminelles-contre-lun-des-tortionnaires-syriens-de-maher-arar\/\">La CSILC se r\u00e9jouit de l\u2019annonce que la GRC porte des accusations criminelles contre l\u2019un des tortionnaires syriens de Maher Arar<\/a>, 1er septembre 2015<\/p>\n<p><a href=\"http:\/\/iclmg.ca\/fr\/communique-la-csilc-se-joint-a-des-groupes-de-defense-des-droits-pour-denoncer-la-loi-renforcant-la-citoyennete-canadienne-comme-discriminatoire-et-anti-canadienne\/\">La CSILC se joint \u00e0 des groupes de d\u00e9fense des droits pour d\u00e9noncer la Loi renfor\u00e7ant la citoyennet\u00e9 canadienne comme discriminatoire et anti-canadienne<\/a>, 20 ao\u00fbt 2015<\/p>\n<p><a href=\"http:\/\/iclmg.ca\/fr\/communique-la-csilc-exhorte-le-gouvernement-du-canada-a-agir-en-accord-avec-le-rapport-des-nations-unies\/\">La CSILC exhorte le gouvernement du Canada \u00e0 agir en accord avec le rapport des Nations Unies<\/a>, 27 juillet 2015<\/p>\n<p><a href=\"http:\/\/iclmg.ca\/fr\/communique-soulignant-le-deces-de-lhonorable-flora-macdonald\/\">Communiqu\u00e9 soulignant le d\u00e9c\u00e8s de l\u2019Honorable Flora MacDonald<\/a>, 27 juillet\u00a02015<\/p>\n<p><a href=\"http:\/\/iclmg.ca\/fr\/communique-la-loi-c-51-est-adoptee-mais-de-serieuses-preoccupations-en-matiere-de-droits-humains-persistent\/\">Communiqu\u00e9: La loi C-51 est adopt\u00e9e mais de s\u00e9rieuses pr\u00e9occupations en mati\u00e8re de droits humains persistent<\/a>, 29 juin\u00a02015<\/p>\n<p class=\"entry-title\"><a href=\"http:\/\/iclmg.ca\/fr\/communique-nouvelle-direction-a-la-csilc-monia-mazigh\/\">Nouvelle direction \u00e0 la CSILC, Monia Mazigh<\/a>, 17 juin 2015<\/p>\n<p class=\"entry-title\"><a href=\"http:\/\/iclmg.ca\/fr\/communique-la-csilc-lance-un-appel-de-derniere-heure-aux-depute-es-pour-le-rejet-du-projet-de-loi-c-51\/\">La CSILC lance un appel de derni\u00e8re heure aux d\u00e9put\u00e9.es pour le rejet du projet de loi C-51<\/a>, 5 mai 2015<\/p>\n<p><a title=\"Communiqu\u00e9: Les organisations canadiennes de d\u00e9fense des droits humains lancent un appel urgent pour le retrait du Projet de loi C-51\" href=\"http:\/\/iclmg.ca\/fr\/communique-les-organisations-canadiennes-de-defense-des-droits-humains-lancent-un-appel-urgent-pour-le-retrait-du-projet-de-loi-c-51\/\" target=\"_blank\" rel=\"prev noopener noreferrer\">Les organisations canadiennes de d\u00e9fense des droits humains lancent un appel urgent pour le retrait du Projet de loi C-51<\/a>, 30 mars 2015<\/p>\n<p><a title=\"Communiqu\u00e9: Les groupes canadiens de d\u00e9fense des droits humains d\u00e9noncent la courte p\u00e9riode d\u2019audiences du comit\u00e9 parlementaire pour l\u2019\u00e9tude du projet de loi C-51\" href=\"http:\/\/iclmg.ca\/fr\/communique-les-groupes-canadiens-de-defense-des-droits-humains-denoncent-la-courte-periode-daudiences-du-comite-parlementaire-pour-letude-du-projet-de-loi-c-51\/\" target=\"_blank\" rel=\"noopener noreferrer\">Les groupes canadiens de d\u00e9fense des droits humains d\u00e9noncent la courte p\u00e9riode d&#8217;audiences du comit\u00e9 parlementaire pour l&#8217;\u00e9tude du projet de loi C-51<\/a>, 26 f\u00e9vrier\u00a02015<\/p>\n<p><a title=\"Communiqu\u00e9: Des groupes de d\u00e9fense des droits accueillent favorablement la d\u00e9claration d\u2019\u00e9minent.es Canadien.nes demandant des m\u00e9canismes de contr\u00f4le des activit\u00e9s de s\u00e9curit\u00e9 nationale\" href=\"http:\/\/iclmg.ca\/fr\/communique-des-groupes-de-defense-des-droits-de-la-personne-accueillent-favorablement-la-declaration-deminents-canadiens-et-canadiennes-demandant-des-mecanismes-de-controle-et-dexamen-des-activit\/\" target=\"_blank\" rel=\"noopener noreferrer\">Des groupes de d\u00e9fense des droits accueillent favorablement la d\u00e9claration d&#8217;\u00e9minent.es Canadien.nes demandant des m\u00e9canismes de contr\u00f4le des activit\u00e9s de s\u00e9curit\u00e9 nationale<\/a>, 19 f\u00e9vrier\u00a02015<\/p>\n<p><a title=\"Communiqu\u00e9: Le nouveau projet de loi anti-terrorisme de Harper va trop loin et risque de porter atteinte aux droits et libert\u00e9s des Canadiens et Canadiennes\" href=\"http:\/\/iclmg.ca\/fr\/communique-le-nouveau-projet-de-loi-anti-terrorisme-de-harper-va-trop-loin-et-risque-de-porter-atteinte-aux-droits-et-libertes-des-canadiens-et-canadiennes\/\" target=\"_blank\" rel=\"noopener noreferrer\">Le nouveau projet de loi anti-terrorisme de Harper va trop loin et risque de porter atteinte aux droits et libert\u00e9s des Canadiens et Canadiennes<\/a>, 30 janvier\u00a02015<\/p>\n<p><a href=\"http:\/\/iclmg.ca\/wp-content\/uploads\/2014\/05\/CP-CSILC-CCR-D\u00e9cision-Harkat-CSC-14-mai-2014.pdf\" target=\"_blank\" rel=\"noopener noreferrer\">L\u2019arr\u00eat Harkat de la Cour supr\u00eame maintient un processus injuste pour les non-citoyens<\/a>, 14 mai 2014<\/p>\n<p><a href=\"http:\/\/iclmg.ca\/wp-content\/uploads\/2014\/03\/CP-CSTC-Fevr-2014.pdf\" target=\"_blank\" rel=\"noopener noreferrer\">La CSILC et la Ligue des droits et libert\u00e9s r\u00e9clament un m\u00e9canisme vigoureux de surveillance et une r\u00e9vision des pouvoirs du Centre de la s\u00e9curit\u00e9 des t\u00e9l\u00e9communications Canada<\/a>, 10 f\u00e9vrier 2014<\/p>\n<p><a href=\"http:\/\/iclmg.ca\/wp-content\/uploads\/2014\/03\/CP-Harkat-oct-2013.pdf\">La justice fondamentale pour les non-citoyens en jeu \u00e0 la Cour supr\u00eame dans la cause Harkat<\/a>, 7 octobre 2013<\/p>\n<p><a href=\"http:\/\/iclmg.ca\/wp-content\/uploads\/2014\/03\/CP-S-7-avril-2013.pdf\">La Coalition pour la surveillance internationale des libert\u00e9s civiles implore le Parlement de rejeter le projet de loi S-7 (Loi sur la lutte contre le terrorisme)<\/a>, 23 avril 2013<\/p>\n<p><a href=\"http:\/\/iclmg.ca\/wp-content\/uploads\/2014\/03\/CP-S-7-d\u00e9c-2012.pdf\">La CSILC t\u00e9moignera contre le projet de loi S-7 (Loi sur la lutte contre le terrorisme) en comit\u00e9 parlementaire<\/a>, 3 d\u00e9cembre 2012<\/p>\n<p><a href=\"http:\/\/iclmg.ca\/wp-content\/uploads\/2014\/03\/PR-LRW-ICLMG-CAT-Omar-Khadr-June-2012.pdf\">Omar Khadr : Le Comit\u00e9 contre la torture recommande le rapatriement au Canada et des r\u00e9parations pour les violations des droits humains<\/a>, 1er juin 2012<\/p>\n<p><a href=\"http:\/\/iclmg.ca\/wp-content\/uploads\/2014\/03\/CP-Bush-torture-oct-2011.pdf\">Le ministre de la Justice du Canada somm\u00e9 par le CSILC de poursuivre criminellement George W. Bush pour son r\u00f4le dans la torture<\/a>, 12 octobre 2011<\/p>\n<p><a href=\"http:\/\/iclmg.ca\/wp-content\/uploads\/2014\/03\/PR-ICLMG-BCCLA-UN1267-June-2010.pdf\">Des groupes de d\u00e9fense des droits remet en question la constitutionnalit\u00e9 de la liste noire de l&#8217;ONU devant la cour<\/a>, 1er juin 2010<\/p>\n<p><a href=\"http:\/\/iclmg.ca\/wp-content\/uploads\/2014\/03\/CP-prisonniers-afghans-nov-2009.pdf\">La CSILC exige la cr\u00e9ation d\u2019une Commission d\u2019enqu\u00eate sur la question du transfert des prisonniers afghans<\/a>, 30 novembre 2009<\/p>\n<p><a href=\"http:\/\/iclmg.ca\/wp-content\/uploads\/2014\/03\/CP-ICAMS-avril-2005.pdf\">La CSILC exige la cr\u00e9ation d\u2019une Commission d\u2019enqu\u00eate sur la question du transfert des prisonniers afghans<\/a>, 20 avril 2005<\/p>\n<p><a href=\"http:\/\/iclmg.ca\/wp-content\/uploads\/2014\/03\/CP-agenda-anti-terroriste-mai-2003.pdf\">Le Parlement doit avoir droit de regard sur les mesures antiterroristes affirme une coalition pour la surveillance des libert\u00e9s civiles<\/a>, 14 mai 2003<\/p>\n<div><\/div>\n<table style=\"border-color: #fcfcfc; background-color: #d6d4d4; height: 324px;\" width=\"625\">\n<tbody>\n<tr>\n<td style=\"width: 613px;\">\n<div>\n<h2 class=\"contributions__title contributions__title--epic\"><span style=\"color: #000000;\">Puisque vous \u00eates ici\u2026<\/span><\/h2>\n<p><span style=\"color: #000000;\">\u2026 nous avons une faveur \u00e0 vous demander. \u00c0 la CSILC, nous travaillons sans rel\u00e2che afin de prot\u00e9ger et promouvoir les droits humains et les libert\u00e9s civiles dans le contexte de la soi-disant &#8220;guerre au terrorisme&#8221; au Canada. Nous ne recevons aucune aide financi\u00e8re des gouvernements municipaux, provinciaux et f\u00e9d\u00e9ral, ni d\u2019aucun parti politique. Tout don nous aidera \u00e0 poursuivre notre travail.<\/span><\/p>\n<\/div>\n<div><span style=\"color: #000000;\">Vous h\u00e9sitez \u00e0 donner? Consulter la page sur nos nombreuses\u00a0<a href=\"http:\/\/iclmg.ca\/fr\/a-propos\/realisations-et-acquis\/\">R\u00e9alisations et Acquis<\/a>\u00a0depuis\u00a02002. Merci de votre g\u00e9n\u00e9rosit\u00e9!\u00a0<\/span><span style=\"color: #000000;\"><a style=\"color: #000000;\" href=\"http:\/\/iclmg.ca\/donate\/\"><strong><br \/>\n<img loading=\"lazy\" decoding=\"async\" class=\"wp-image-4201 aligncenter\" src=\"http:\/\/iclmg.ca\/wp-content\/uploads\/2017\/02\/bouton-faire-un-don-e1487111641869.jpg\" width=\"188\" height=\"38\" \/><\/strong><\/a><\/span><\/div>\n<\/td>\n<\/tr>\n<\/tbody>\n<\/table>\n","protected":false},"excerpt":{"rendered":"<p>Le d\u00e9p\u00f4t\u00a0du projet de loi C-12 ne r\u00e9sout aucun des probl\u00e8mes du projet de loi C-2, 9 octobre 2025 Des groupes de la soci\u00e9t\u00e9 civile demandent au gouvernement f\u00e9d\u00e9ral de revoir le projet de loi C-9, 6 octobre 2025 New watchdog report finds government approach to counter-terror audits of Muslim charities is flawed, raises substantial [&hellip;]<\/p>\n","protected":false},"author":44,"featured_media":0,"parent":318,"menu_order":0,"comment_status":"closed","ping_status":"closed","template":"","meta":{"_acf_changed":false,"jetpack_post_was_ever_published":false,"footnotes":""},"class_list":["post-346","page","type-page","status-publish","hentry"],"acf":[],"jetpack_shortlink":"https:\/\/wp.me\/P4gT3y-5A","jetpack_sharing_enabled":true,"_links":{"self":[{"href":"https:\/\/iclmg.ca\/fr\/wp-json\/wp\/v2\/pages\/346","targetHints":{"allow":["GET"]}}],"collection":[{"href":"https:\/\/iclmg.ca\/fr\/wp-json\/wp\/v2\/pages"}],"about":[{"href":"https:\/\/iclmg.ca\/fr\/wp-json\/wp\/v2\/types\/page"}],"author":[{"embeddable":true,"href":"https:\/\/iclmg.ca\/fr\/wp-json\/wp\/v2\/users\/44"}],"replies":[{"embeddable":true,"href":"https:\/\/iclmg.ca\/fr\/wp-json\/wp\/v2\/comments?post=346"}],"version-history":[{"count":0,"href":"https:\/\/iclmg.ca\/fr\/wp-json\/wp\/v2\/pages\/346\/revisions"}],"up":[{"embeddable":true,"href":"https:\/\/iclmg.ca\/fr\/wp-json\/wp\/v2\/pages\/318"}],"wp:attachment":[{"href":"https:\/\/iclmg.ca\/fr\/wp-json\/wp\/v2\/media?parent=346"}],"curies":[{"name":"wp","href":"https:\/\/api.w.org\/{rel}","templated":true}]}}