{"id":2520,"date":"2015-11-02T18:11:13","date_gmt":"2015-11-02T23:11:13","guid":{"rendered":"https:\/\/iclmg.srv2.cfshosting.ca\/?page_id=2520"},"modified":"2026-03-05T14:12:14","modified_gmt":"2026-03-05T19:12:14","slug":"prix","status":"publish","type":"page","link":"https:\/\/iclmg.ca\/fr\/a-propos\/prix\/","title":{"rendered":"Prix"},"content":{"rendered":"<h1>Le CMPAC remet \u00e0 Tim McSorley de la CSILC son Prix du partenaire communautaire<\/h1>\n<p><img loading=\"lazy\" decoding=\"async\" class=\"alignright  wp-image-11396\" src=\"https:\/\/iclmg.ca\/wp-content\/uploads\/2026\/03\/unnamed.jpg\" alt=\"\" width=\"270\" height=\"180\" srcset=\"https:\/\/iclmg.ca\/wp-content\/uploads\/2026\/03\/unnamed.jpg 1200w, https:\/\/iclmg.ca\/wp-content\/uploads\/2026\/03\/unnamed-768x512.jpg 768w, https:\/\/iclmg.ca\/wp-content\/uploads\/2026\/03\/unnamed-624x416.jpg 624w\" sizes=\"auto, (max-width: 270px) 100vw, 270px\" \/>Lors du r\u00e9cent souper parlementaire de l&#8217;iftar organis\u00e9 par le Conseil canadien des affaires publiques musulmanes (CMPAC), Tim McSorley, notre coordonnateur national, a eu l\u2019honneur de recevoir le Prix du partenaire communautaire pour son engagement et sa contribution ind\u00e9fectible au service de la communaut\u00e9 musulmane.<\/p>\n<p>Nous sommes profond\u00e9ment touch\u00e9-es par ce prix et immens\u00e9ment reconnaissant-es envers le CMPAC (membre de la CSILC) pour <a href=\"https:\/\/canadianmuslimpac.ca\/2026\/02\/04\/cmpac-statement-on-federal-governments-decision-to-eliminate-the-position-of-special-representative-on-combatting-islamophobia\/\" target=\"_blank\" rel=\"noopener\">son important travail de plaidoyer<\/a>. Nous nous r\u00e9jouissons de poursuivre notre collaboration afin de d\u00e9fendre les libert\u00e9s civiles de la communaut\u00e9 musulmane et de toustes les Canadien-nes. <a href=\"https:\/\/iclmg.ca\/cmpac-award\/\" target=\"_blank\" rel=\"noopener\">Lisez la r\u00e9action de Tim McSorley ici<\/a>\u00a0(en anglais seulement). Merci!<\/p>\n<hr \/>\n<h1>La CSILC re\u00e7oit le prix \u00ab Ami de la communaut\u00e9 \u00bb 2023 de la MAC<\/h1>\n<p><img loading=\"lazy\" decoding=\"async\" class=\"alignleft\" src=\"https:\/\/www.canadahelps.org\/uploads\/ik-images\/medialib\/charity_charity_60938\/85252\/about_image.jpg\" alt=\"MUSLIM ASSOCIATION OF CANADA | Charity Profile | Donate Online | Canadahelps\" width=\"207\" height=\"138\" \/>Le coordonnateur national de la CSILC, Tim McSorley, a re\u00e7u le prix \u00ab Ami de la communaut\u00e9 \u00bb de l\u2019Association musulmane du Canada (MAC) lors de son congr\u00e8s de 2023. Nous remercions chaleureusement MAC pour cet honneur et pour leur important travail!<\/p>\n<p>\u00ab Ce fut un tel honneur de me joindre \u00e0 l&#8217;Association musulmane du Canada \u00e0 son congr\u00e8s. Je suis honor\u00e9 de recevoir leur prix \u00ab Ami de la communaut\u00e9 \u00bb pour mon travail et celui de la CSILC contre l&#8217;islamophobie et pour la justice. Et merci \u00e0 Abdul Nakua pour cette introduction si g\u00e9n\u00e9reuse et \u00e9mouvante! \u2013 Tim McSorley<\/p>\n<p>\u00c9coutez le discours d&#8217;acceptation de Tim <a href=\"https:\/\/iclmg.ca\/mac-2023-award-speech\/\">ici<\/a> (en anglais seulement). Apprenez-en davantage sur le travail de MAC <a href=\"https:\/\/www.macnet.ca\/fr\/\" target=\"_blank\" rel=\"noopener noreferrer\">ici<\/a>.<\/p>\n<hr \/>\n<h1>La CSILC est r\u00e9cipiendaire d&#8217;un prix du NCCM<\/h1>\n<p><img decoding=\"async\" class=\"alignright\" src=\"https:\/\/cnmc.ca\/wp-content\/uploads\/2019\/01\/logo2f.png\" alt=\"CNMC \u2013 Le Conseil national des musulmans Canadiens\" \/>La Coalition pour la surveillance internationale des libert\u00e9s civiles est honor\u00e9e de recevoir un Prix du partenaire communautaire de l\u2019un de nos organisations membres, le Conseil national des musulmans canadiens (NCCM), pour notre collaboration au cours des douze derni\u00e8res ann\u00e9es. Notre coordonnateur national, Roch Tass\u00e9, acceptera le prix lors du prochain d\u00eener de collecte de fonds du NCCM, le dimanche 26 octobre 2014 \u00e0 Ottawa, sur le th\u00e8me \u201cBe Empowered: Standing Up for Canadian Muslims\u201d.<\/p>\n<p><a href=\"http:\/\/www.nccm.ca\/\">En savoir plus sur le travail du NCCM<\/a><\/p>\n<div><\/div>\n<table style=\"border-color: #fcfcfc; background-color: #d6d4d4; height: 324px;\" width=\"625\">\n<tbody>\n<tr>\n<td style=\"width: 613px;\">\n<div>\n<h2 class=\"contributions__title contributions__title--epic\"><span style=\"color: #000000;\"><span style=\"color: #444444;\"><span style=\"color: #444444;\">Puisque vous \u00eates ici\u2026<\/span><\/span><\/span><\/h2>\n<p><span style=\"color: #000000;\"><span style=\"color: #444444;\"><span style=\"color: #444444;\">\u2026 nous avons une faveur \u00e0 vous demander. \u00c0 la CSILC, nous travaillons sans rel\u00e2che afin de prot\u00e9ger et promouvoir les droits humains et les libert\u00e9s civiles dans le contexte de la soi-disant &#8220;guerre au terrorisme&#8221; au Canada. Nous ne recevons aucune aide financi\u00e8re des gouvernements municipaux, provinciaux et f\u00e9d\u00e9ral, ni d\u2019aucun parti politique. Tout don nous aidera \u00e0 poursuivre notre travail.<\/span><\/span><\/span><\/p>\n<\/div>\n<div><span style=\"color: #444444;\"><span style=\"font-size: 14px;\"><span style=\"color: #444444;\"><span style=\"color: #000000;\">Vous h\u00e9sitez \u00e0 donner? Consulter la page sur nos nombreuses\u00a0<a href=\"http:\/\/iclmg.ca\/fr\/a-propos\/realisations-et-acquis\/\">R\u00e9alisations et Acquis<\/a>\u00a0depuis\u00a02002. Merci de votre g\u00e9n\u00e9rosit\u00e9!\u00a0<\/span><span style=\"color: #000000;\"><a style=\"color: #000000;\" href=\"http:\/\/iclmg.ca\/donate\/\"><br \/>\n<img loading=\"lazy\" decoding=\"async\" class=\"wp-image-4201 aligncenter\" src=\"http:\/\/iclmg.ca\/wp-content\/uploads\/2017\/02\/bouton-faire-un-don-e1487111641869.jpg\" width=\"188\" height=\"38\" \/><\/a><\/span><\/span><\/span><\/span><\/div>\n<\/td>\n<\/tr>\n<\/tbody>\n<\/table>\n","protected":false},"excerpt":{"rendered":"<p>Le CMPAC remet \u00e0 Tim McSorley de la CSILC son Prix du partenaire communautaire Lors du r\u00e9cent souper parlementaire de l&#8217;iftar organis\u00e9 par le Conseil canadien des affaires publiques musulmanes (CMPAC), Tim McSorley, notre coordonnateur national, a eu l\u2019honneur de recevoir le Prix du partenaire communautaire pour son engagement et sa contribution ind\u00e9fectible au service [&hellip;]<\/p>\n","protected":false},"author":44,"featured_media":0,"parent":113,"menu_order":0,"comment_status":"closed","ping_status":"closed","template":"","meta":{"_acf_changed":false,"jetpack_post_was_ever_published":false,"footnotes":""},"class_list":["post-2520","page","type-page","status-publish","hentry"],"acf":[],"jetpack_shortlink":"https:\/\/wp.me\/P4gT3y-EE","jetpack_sharing_enabled":true,"_links":{"self":[{"href":"https:\/\/iclmg.ca\/fr\/wp-json\/wp\/v2\/pages\/2520","targetHints":{"allow":["GET"]}}],"collection":[{"href":"https:\/\/iclmg.ca\/fr\/wp-json\/wp\/v2\/pages"}],"about":[{"href":"https:\/\/iclmg.ca\/fr\/wp-json\/wp\/v2\/types\/page"}],"author":[{"embeddable":true,"href":"https:\/\/iclmg.ca\/fr\/wp-json\/wp\/v2\/users\/44"}],"replies":[{"embeddable":true,"href":"https:\/\/iclmg.ca\/fr\/wp-json\/wp\/v2\/comments?post=2520"}],"version-history":[{"count":0,"href":"https:\/\/iclmg.ca\/fr\/wp-json\/wp\/v2\/pages\/2520\/revisions"}],"up":[{"embeddable":true,"href":"https:\/\/iclmg.ca\/fr\/wp-json\/wp\/v2\/pages\/113"}],"wp:attachment":[{"href":"https:\/\/iclmg.ca\/fr\/wp-json\/wp\/v2\/media?parent=2520"}],"curies":[{"name":"wp","href":"https:\/\/api.w.org\/{rel}","templated":true}]}}